
{"id":935,"date":"2023-03-04T21:17:26","date_gmt":"2023-03-05T03:17:26","guid":{"rendered":"https:\/\/informe.antad.net\/2024\/?page_id=935"},"modified":"2025-03-23T18:35:04","modified_gmt":"2025-03-24T00:35:04","slug":"comite-de-eficiencia-energetica","status":"publish","type":"page","link":"https:\/\/informe.antad.net\/2024\/comite-de-eficiencia-energetica\/","title":{"rendered":"Comit\u00e9 de Eficiencia Energ\u00e9tica"},"content":{"rendered":"<p>El Comit\u00e9 promueve iniciativas en Desarrollo Sostenible para las Cadenas Asociadas, compartiendo mejores pr\u00e1cticas en el uso de fuentes de energ\u00eda y recursos naturales.<\/p>\n<p>Contribuye con el fortalecimiento de las estrategias en eficiencia energ\u00e9tica que realizan las Cadenas Asociadas en forma global.<\/p>\n<p>En 2024 todas las industrias se mantuvieron a la expectativa de un cambio pol\u00edtico trascendental, de manera que se escucharon todas la propuestas y posturas, particular al sector energ\u00e9tico, el panorama se mantiene a la expectativa debido a que se espera que las principales industrias energ\u00e9ticas mantengan la misma secuencia de crecimiento y administraci\u00f3n; en el sector privado se esperan nuevas tendencias tecnol\u00f3gicas y queda la tarea de encontrar y aprovechar las oportunidades en el corto plazo<\/p>\n<p>Grandes cambios en el sector energ\u00e9tico de M\u00e9xico, y reformas importantes contribuyeron a que el Sector Comercial buscara un constante dialogo a nivel gremial, el Comit\u00e9 en su funci\u00f3n de interlocuci\u00f3n, particip\u00f3 en los foros y discusiones correspondientes para expresar la idea de evoluci\u00f3n esperada para el Retail en temas de energ\u00eda y tecnolog\u00eda.<\/p>\n<p>2024 fue un a\u00f1o de integraci\u00f3n, donde se consolidaron proyectos y el despliegue de nueva tecnolog\u00eda, se foment\u00f3 la difusi\u00f3n de informaci\u00f3n clave y el intercambio con otros organismos empresariales.<\/p>\n<p>Se particip\u00f3 en diferentes foros y congresos especializados en donde se expusieron impactos de las modificaciones regulatorias para el Sector Comercial, as\u00ed como en congresos y eventos especializados, donde se tuvo presencia como representantes del Comercio minorista.<\/p>\n<p><strong>Principales Iniciativas Desarrolladas por el Comit\u00e9:<\/strong><\/p>\n<ul>\n<li>Sondeo, b\u00fasqueda y difusi\u00f3n de padr\u00f3n de confianza &#8211; proveedores especializados.<\/li>\n<li>EXPO ANTAD 2023. Invitados Especiales &#8211; Grupos del Comit\u00e9.<\/li>\n<li>Reportes Tarifas de Suministro B\u00e1sico &#8211; Media Tensi\u00f3n Horaria y Media Tensi\u00f3n Ordinaria.<\/li>\n<li>Plan de trabajo 2024 \u2013 reuni\u00f3n con delegado presidente: LA COMER.<\/li>\n<li>Consejo Coordinador Empresarial \u2013 Comisi\u00f3n de Energ\u00eda<\/li>\n<li>Participaci\u00f3n en las diferentes reuniones mensuales de la Comisi\u00f3n de Energ\u00eda status del Sector El\u00e9ctrico, SENER, CENEGAS, PEMEX, CENACE, CRE -Impuestos Estatales<\/li>\n<li>Participaci\u00f3n en foros especializados.\n<ul>\n<li>The Green Expo 2024 3-5 sep.<\/li>\n<li>AHR expo 2024<\/li>\n<li>Cursos y talleres ANFIR<\/li>\n<li>Participaci\u00f3n en Expo El\u00e9ctrica Internacional 2024.<\/li>\n<\/ul>\n<\/li>\n<li>Seguimiento y actualizaci\u00f3n. Proyecto bilateral SEMARNAT ONU\/PNUD Equipos de Refrigeraci\u00f3n Comercial con base a Refrigerante CO2.<\/li>\n<li>Webinar &#8211; Generaci\u00f3n Distribuida, Almacenamiento y Suministro Calificado<\/li>\n<li>Reuni\u00f3n de seguimiento &#8211; Proyecto bilateral ONU\/PNUD -SEMARNAT Refrigeraci\u00f3n<\/li>\n<li>webinar &#8211; Generaci\u00f3n Distribuida, Almacenamiento y Suministro Calificado.<\/li>\n<li>Visi\u00f3n general de las necesidades y retos para el Retail &#8211; Integraci\u00f3n de l\u00edneas de trabajo del Comit\u00e9 de Sustentabilidad y del Comit\u00e9 de Eficiencia Energ\u00e9tica<\/li>\n<li>Se envi\u00f3 Encuesta NIS \u2013 normas de informaci\u00f3n en Sostenibilidad<\/li>\n<li>Webinar &#8211; informaci\u00f3n sostenibilidad 2025 &#8211; estados financieros.<\/li>\n<\/ul>\n<p><strong>Simposio de Eficiencia Energ\u00e9tica 2024<\/strong><\/p>\n<ul>\n<li>Coordinaci\u00f3n de la 8\u00aa edici\u00f3n del evento. 30 y 31 de octubre 2024, CDMX.\n<ul>\n<li>150 participantes registrados en total &#8211; 50 registros de 18 Cadenas Asociadas, se otorgaron pases sin costo para los integrantes del Comit\u00e9.<\/li>\n<li>16 conferencias\u202fespecializadas; T\u00f3picos referencia: eficiencia energ\u00e9tica, refrigeraci\u00f3n y a\/a, iluminaci\u00f3n, sector energ\u00e9tico<\/li>\n<li>Especial reconocimiento a la CONUEE &#8211; SENER por haber participado en la Apertura del Simposio.<\/li>\n<\/ul>\n<\/li>\n<li>Sondeo de proveedores.<\/li>\n<li>Revisi\u00f3n de ubicaciones y cedes disponibles, solicitud de cotizaciones 2024.<\/li>\n<li>Preparaci\u00f3n de invitaci\u00f3n para integrantes del Comit\u00e9 y para patrocinadores.<\/li>\n<\/ul>\n","protected":false},"excerpt":{"rendered":"<p>El Comit\u00e9 promueve iniciativas en Desarrollo Sostenible para las Cadenas Asociadas, compartiendo mejores pr\u00e1cticas en el uso de fuentes de energ\u00eda y recursos naturales. Contribuye con el fortalecimiento de las estrategias en eficiencia energ\u00e9tica que realizan las Cadenas Asociadas en &hellip; <a href=\"https:\/\/informe.antad.net\/2024\/comite-de-eficiencia-energetica\/\"><\/a><\/p>\n","protected":false},"author":1,"featured_media":0,"parent":0,"menu_order":0,"comment_status":"closed","ping_status":"closed","template":"","meta":{"footnotes":""},"class_list":["post-935","page","type-page","status-publish","hentry"],"_links":{"self":[{"href":"https:\/\/informe.antad.net\/2024\/wp-json\/wp\/v2\/pages\/935","targetHints":{"allow":["GET"]}}],"collection":[{"href":"https:\/\/informe.antad.net\/2024\/wp-json\/wp\/v2\/pages"}],"about":[{"href":"https:\/\/informe.antad.net\/2024\/wp-json\/wp\/v2\/types\/page"}],"author":[{"embeddable":true,"href":"https:\/\/informe.antad.net\/2024\/wp-json\/wp\/v2\/users\/1"}],"replies":[{"embeddable":true,"href":"https:\/\/informe.antad.net\/2024\/wp-json\/wp\/v2\/comments?post=935"}],"version-history":[{"count":65,"href":"https:\/\/informe.antad.net\/2024\/wp-json\/wp\/v2\/pages\/935\/revisions"}],"predecessor-version":[{"id":2962,"href":"https:\/\/informe.antad.net\/2024\/wp-json\/wp\/v2\/pages\/935\/revisions\/2962"}],"wp:attachment":[{"href":"https:\/\/informe.antad.net\/2024\/wp-json\/wp\/v2\/media?parent=935"}],"curies":[{"name":"wp","href":"https:\/\/api.w.org\/{rel}","templated":true}]}}