
{"id":965,"date":"2023-03-04T21:20:20","date_gmt":"2023-03-05T03:20:20","guid":{"rendered":"https:\/\/informe.antad.net\/2024\/?page_id=965"},"modified":"2025-03-23T17:36:24","modified_gmt":"2025-03-23T23:36:24","slug":"agenda-legislativa","status":"publish","type":"page","link":"https:\/\/informe.antad.net\/2024\/agenda-legislativa\/","title":{"rendered":"Agenda Legislativa"},"content":{"rendered":"<p>En el ejercicio 2024, se llevaron a cabo las actividades que se enlistan a continuaci\u00f3n para atender y dar seguimiento a los temas legislativos propuestos y sometidos a discusi\u00f3n por el Congreso de la Uni\u00f3n, el Congreso de la Ciudad de M\u00e9xico y algunos Congresos Locales.<\/p>\n<p><strong>CONGRESO DE LA UNI\u00d3N<\/strong><\/p>\n<p><strong>REFORMA A LA LEY FEDERAL DEL TRABAJO\/REDUCCI\u00d3N DE JORNADA LABORAL<\/strong><\/p>\n<p>La Diputada Susana Prieto Terrazas present\u00f3 el 15 de diciembre de 2022, la Iniciativa que modifica el art\u00edculo 123 de la Constituci\u00f3n Pol\u00edtica de los Estados Unidos Mexicanos, la cual preve\u00eda que, por cada\u202fcinco\u202fd\u00edas de trabajo se deb\u00eda disfrutar de\u202f2\u202fd\u00edas de descanso, cuando menos.<\/p>\n<p>El proyecto fue turnado a la Comisi\u00f3n de Puntos Constitucionales de la C\u00e1mara de Diputados y aprobada por la misma el 25 de abril de 2023.<\/p>\n<p>La Mesa Directiva de la C\u00e1mara de Diputados instruy\u00f3 que el Dictamen se remitiera a la Comisi\u00f3n de Puntos Constitucionales para que incluyeran las consideraciones y conclusiones vertidas en los foros del parlamento abierto.<\/p>\n<p>El 7 de diciembre de 2023, la Comisi\u00f3n resolvi\u00f3 mantener el Dictamen en sus t\u00e9rminos y lo devolvi\u00f3 a la Mesa Directiva de Diputados.<\/p>\n<p>El 12 de diciembre de 2023, se aprob\u00f3 un Acuerdo para crear una Comisi\u00f3n para continuar analizando el proyecto, dicha Comisi\u00f3n concluir\u00eda su trabajo en marzo de 2024.<\/p>\n<p>El 12 de marzo de 2024, el Presidente de la Rep\u00fablica se\u00f1al\u00f3 que el tema se abordar\u00eda despu\u00e9s del proceso electoral.<\/p>\n<p>La Junta de Coordinaci\u00f3n Pol\u00edtica\u202fde\u202fDiputados -encabezada por el PAN- acord\u00f3 solicitar a organismos de representaci\u00f3n laboral, empresarial y productiva\u202fpropuestas de cambio para elaborar una \u00fanica\u202freserva de\u202fmodificaci\u00f3n al proyecto de reforma del\u202fart\u00edculo 123 de la Constituci\u00f3n para discutirse en el Pleno.\u200b<\/p>\n<p>ANTAD recibi\u00f3 un comunicado por parte del Presidente de la Comisi\u00f3n del Trabajo y Previsi\u00f3n Social de la C\u00e1mara de Diputados solicit\u00e1ndonos enviar por escrito una propuesta de modificaci\u00f3n.<\/p>\n<p>ANTAD respondi\u00f3 al comunicado se\u00f1alando que se necesitaba m\u00e1s tiempo para revisar el tema. La atenci\u00f3n de este asunto se ha coordinado con el CCE.<\/p>\n<p>La Presidenta Claudia Sheinbaum anunci\u00f3 mesas de di\u00e1logos con el sector empresarial para tratar este tema y se\u00f1al\u00f3 que se alcanzar\u00e1 paulatinamente en el sexenio la semana laboral de 40 horas.<\/p>\n<p><strong>REFORMAS A LA LEY FEDERAL DEL TRABAJO\/ LEY SILLA<\/strong><\/p>\n<p>La Senadora Patricia Mercado Castro (MC) present\u00f3 la Iniciativa con proyecto de Decreto por la que se reforman y adicionan diversas disposiciones de la Ley Federal del Trabajo -ley silla- en septiembre de 2023.<\/p>\n<p>El proyecto legislativo entre otros aspectos obligaba a los patrones a proveer el n\u00famero suficiente de asientos o sillas con respaldo a disposici\u00f3n de todas las personas trabajadoras en los sectores de servicios, comercio y an\u00e1logos.<\/p>\n<p>Se sostuvieron reuniones con representantes de los Comit\u00e9s de Recursos Humanos y de Relaciones con Gobierno de ANTAD para definir una propuesta consensuada e incidir lograr cambios a la Iniciativa en Senado.<\/p>\n<p>Se llevaron a cabo dos reuniones con la Senadora Patricia Mercado, sus asesores y con el Secretario T\u00e9cnico de la Comisi\u00f3n del Trabajo y Previsi\u00f3n Social del Senado para comentar la postura de la ANTAD con respecto a las reformas a la Ley Federal del Trabajo conocida como Ley Silla.<\/p>\n<p>Las Comisiones Unidas de Trabajo y Previsi\u00f3n Social y, de Estudios Legislativos, Primera del Senado aprobaron por unanimidad el Proyecto de Decreto por el que se reforma la Ley Federal del Trabajo.<\/p>\n<p>Pr\u00e1cticamente la propuesta presentada por ANTAD fue considerada en el Proyecto, por lo que se incluyen opciones:<\/p>\n<p>Son obligaciones de los patrones:<\/p>\n<ul>\n<li>Proveer de asientos o sillas con respaldo para la ejecuci\u00f3n de las actividades, o<\/li>\n<li>Para el descanso peri\u00f3dico durante la jornada laboral.<\/li>\n<\/ul>\n<p>Adicionalmente se logr\u00f3 ampliar la entrada en vigor del d\u00eda siguiente de su publicaci\u00f3n a 180 d\u00edas y se elimin\u00f3 lo relativo a la facultad de la Secretar\u00eda del Trabajo para emitir normas sobre las caracter\u00edsticas de los asientos o sillas con respaldo.<\/p>\n<p>La Minuta fue remitida a la C\u00e1mara de Diputados.<\/p>\n<p>El 2 de octubre de 2024, el Diputado Ricardo Monreal present\u00f3 una nueva Iniciativa de reformas a la Ley Federal del Trabajo (ley silla), con el mismo contenido que el proyecto aprobado por el Senado. A dicha iniciativa se le dispensaron tr\u00e1mites y se aprob\u00f3 el mismo d\u00eda por la C\u00e1mara de Diputados.<\/p>\n<p>El 4 de diciembre de 2024, el Pleno del Senado aprob\u00f3 la Minuta, y la reforma a la Ley Federal del Trabajo se public\u00f3 en el Diario Oficial de la Federaci\u00f3n el 19 de diciembre de 2024. Las modificaciones ser\u00e1n exigible a partir de junio de 2025.<\/p>\n<p><strong>PL\u00c1STICOS<\/strong><\/p>\n<p>Se asisti\u00f3 a la reuni\u00f3n convocada por el Senador Ra\u00fal Bola\u00f1os, Coordinador del Grupo Parlamentario del PVEM para dar a conocer el 4to. reporte del avance del Acuerdo Nacional de la Nueva Econom\u00eda de los Pl\u00e1sticos.<\/p>\n<p>Se llevaron a cabo reuniones con CESPEDES, CONMEXICO, ANIPAC, MEX BEB ECOCE y CANIPEC para comentar sobre \u00e1reas de oportunidad y mejora del Acuerdo Nacional de la Nueva Econom\u00eda de los Pl\u00e1sticos y definir estrategia para impulsarlo con la nueva administraci\u00f3n.<\/p>\n<p>Se particip\u00f3 en una reuni\u00f3n convocada por CESPEDES para elaborar el posicionamiento previo al tercer periodo de sesiones del Comit\u00e9 Intergubernamental de Negociaci\u00f3n para la elaboraci\u00f3n de un instrumento internacional jur\u00eddicamente vinculante sobre la contaminaci\u00f3n por pl\u00e1sticos, incluso en el medio marino, el cual fue entregado a la Secretar\u00eda de Relaciones Exteriores.<\/p>\n<p>Se asisti\u00f3 a varias reuniones con ANIPAC, CONMEXICO, ECOCE y CESPEDES para revisar la agenda, las minutas que reforman la Ley General para la Prevenci\u00f3n y Gesti\u00f3n Integral de Residuos y de la Ley de Econom\u00eda Circular pendientes de discutir en la C\u00e1mara de Diputados y definir acciones a seguir.<\/p>\n<p><strong>PROFECO<\/strong><\/p>\n<p>La Comisi\u00f3n de Econom\u00eda, Comercio y Competitividad de la C\u00e1mara de Diputados de la legislatura que concluy\u00f3 el 31 de agosto de 2024, pretend\u00eda aprobar las siguientes Iniciativas:<\/p>\n<ul>\n<li>Por la que se adiciona un art\u00edculo 33 Bis a la Ley Federal de Protecci\u00f3n al Consumidor, que propon\u00eda que los productos electr\u00f3nicos y tecnol\u00f3gicos nuevos deber\u00edan incluir una etiqueta donde se indicara de forma clara su \u00edndice de reparabilidad. Dicha etiqueta deber\u00eda se\u00f1alar el nivel de dificultad que tiene la reparaci\u00f3n del producto y deber\u00eda expresarse en una escala del 1 al 10, y,<\/li>\n<li>Por la que se reforman los art\u00edculos 14, p\u00e1rrafo primero y 105, p\u00e1rrafo primero de la Ley Federal de Protecci\u00f3n al Consumidor, que se\u00f1ala que el plazo de prescripci\u00f3n de los derechos y obligaciones establecidos en la Ley Federal de Protecci\u00f3n al Consumidor ser\u00e1 de dos a\u00f1os, salvo otros t\u00e9rminos previstos por esta ley. Asimismo, se\u00f1ala que las reclamaciones se podr\u00e1n presentar dentro del t\u00e9rmino de dos a\u00f1os, en cualquiera de los supuestos se\u00f1alados en el art\u00edculo 105 de la misma Ley.<\/li>\n<\/ul>\n<p>Se sostuvo comunicaci\u00f3n con el Presidente de la Comisi\u00f3n de Econom\u00eda, Comercio y Competitividad de la C\u00e1mara de Diputados y su Secretario T\u00e9cnico y se compartieron diversos comentarios.<\/p>\n<p>Dado que los proyectos legislativos no fueron discutidos en la legislatura correspondiente ambos proyectos finalizaron su tr\u00e1mite legislativo.<\/p>\n<p><strong>Publicidad a menores<\/strong><\/p>\n<p>El pasado 26 de marzo, la Comisi\u00f3n de Salud de la C\u00e1mara de Diputados pretend\u00eda aprobar la Iniciativa que reforma la Ley de PROFECO en materia de publicidad respetuosa para menores, presentada por la Dip. Frinn\u00e9 Azuara Yarz\u00e1bal (PRI) que, entre otros aspectos consideraba como publicidad dirigida a la poblaci\u00f3n infantil, la colocaci\u00f3n de productos en los puntos de venta con la cara frontal que se encontraran al alcance de la poblaci\u00f3n infantil.<\/p>\n<p>Se sostuvieron reuniones con CONMEXICO, MEXBEB y CCE para definir estrategias de contenci\u00f3n y se logr\u00f3 que el tema se bajara del orden d\u00eda.<\/p>\n<p><strong>CONSULTORIOS ADYACENTES A FARMACIAS<\/strong><\/p>\n<p>La Sen. Lilia Margarita Valdez Mart\u00ednez present\u00f3 la Iniciativa por la que se reforman diversos art\u00edculos de la Ley General de Salud.<\/p>\n<p>El proyecto pretend\u00eda regular los Consultorios Adyacentes a Farmacias, requerirles a dichos consultorios una autorizaci\u00f3n sanitaria para operar; obligar a contratar al personal m\u00e9dico conforme a lo establecido en los art\u00edculos 14 y 15 de la Ley Federal del Trabajo, as\u00ed como prohibirles la celebraci\u00f3n de contratos de comodato.<\/p>\n<p>ANTAD remiti\u00f3 a los integrantes de las Comisiones de Salud y de Estudios Legislativos Segunda (colegisladora) del Senado los argumentos por los cuales no estaba de acuerdo con las modificaciones.<\/p>\n<p>Se sostuvieron reuniones con la Sen. Margarita Valdez, con los Secretarios T\u00e9cnicos de las Comisiones de Salud y de Estudios Legislativos Segunda, con asesores de los Senadores Patricia Mercado, Ernesto P\u00e9rez Astorga, Eva Eugenia Galaz y de Lily T\u00e9llez.<\/p>\n<p>El 6 de marzo de 2024, la Comisi\u00f3n de Salud del Senado aprob\u00f3 el Proyecto de Decreto por el que se reforma la Ley General de Salud en materia de consultorios adyacentes a farmacias.<\/p>\n<p>Derivado de diversas gestiones se logr\u00f3 eliminar del dictamen la necesidad de requerir de autorizaci\u00f3n sanitaria para que operen los consultorios adyacentes a las farmacias.<\/p>\n<p>Debido a que la Iniciativa no concluy\u00f3 con su tr\u00e1mite de dictaminaci\u00f3n en Comisiones y que termin\u00f3 la legislatura, se tiene por concluida.<\/p>\n<p><strong>PAGO A PROVEEDORES<\/strong><\/p>\n<p>El 7 de febrero, la C\u00e1mara de Senadores aprob\u00f3 con 84 votos a favor, 0 en contra y 0 abstenciones el Proyecto de Decreto por el que se reforma el art\u00edculo 380 del C\u00f3digo de Comercio, en materia de pago a proveedores.<\/p>\n<p>Durante su discusi\u00f3n en el Pleno, el Senador Gilberto Herrera de MORENA present\u00f3 una reserva para incluir un plazo de pago de 45 d\u00edas, la cual fue apoyada por todos los partidos pol\u00edticos.<\/p>\n<p>La Iniciativa que dio origen a la reforma en comento preve\u00eda un plazo de pago de 30 d\u00edas, el dictamen aprobado por Comisiones elimin\u00f3 el plazo de pago. Sin embargo, MORENA insisti\u00f3 en incluir un plazo de pago que al final se logr\u00f3 ampliar a 45 d\u00edas.<\/p>\n<p>En virtud de lo anterior, el art\u00edculo 380 qued\u00f3 en los siguientes t\u00e9rminos:<\/p>\n<ul>\n<li>Art\u00edculo 380. El comprador deber\u00e1 pagar el precio de las mercanc\u00edas que se le hayan vendido en un plazo que no exceda los 45 d\u00edas naturales a partir de la entrega de las mercanc\u00edas. A falta de convenio lo deber\u00e1 pagar de contado<\/li>\n<li>El incumplimiento en el pago del precio convenido obligar\u00e1 al deudor a pagar intereses equivalentes al aumento inflacionario conforme al \u00cdndice Nacional de Precios al Consumidor, si no se pact\u00f3 una tasa moratoria m\u00e1s alta.<\/li>\n<\/ul>\n<p>Fue remitido a la Comisi\u00f3n de Econom\u00eda, Comercio y Competitividad de la C\u00e1mara de Diputados.<\/p>\n<p>Se sostuvieron reuniones con Francisco Cervantes y directivos del Consejo Coordinador Empresarial.<\/p>\n<p>Adicionalmente, se llevaron a cabo reuniones con el Diputado Presidente de la Comisi\u00f3n de Econom\u00eda, Comercio y Competitividad de la C\u00e1mara de Diputados y con el Secretario T\u00e9cnico.<\/p>\n<p>Se tuvieron diversas reuniones para definir plan de acci\u00f3n y estrategia para la atenci\u00f3n del tema. Se elaboraron documentos y tarjetas informativas.<\/p>\n<p>Se sostuvo una reuni\u00f3n con el Presidente de la CONCANACO y con el Presidente de la CANACO CDMX para conocer su postura en relaci\u00f3n con la Minuta. En ambos casos nos se\u00f1alaron que estaban en desacuerdo con la misma.<\/p>\n<p>Asimismo, se sostuvo reuni\u00f3n con la Secretaria de Econom\u00eda, Raquel Buenrostro.<\/p>\n<p>Se convoc\u00f3 al Comit\u00e9 de Relaciones con Gobierno para comentar la Minuta de reforma al C\u00f3digo de Comercio, sus antecedentes y consensuar acciones a seguir, as\u00ed como para definir propuestas a impulsar en caso de ser necesario.<\/p>\n<p>Derivado de diversas gestiones se logr\u00f3 contener en la C\u00e1mara de Diputados, la discusi\u00f3n de los proyectos de reforma al C\u00f3digo de Comercio en materia de pago a proveedores.<\/p>\n<p>Debido a que concluy\u00f3 su plazo de dictaminaci\u00f3n se da por terminado su proceso legislativo.<\/p>\n<p><strong>DERECHOS DE AUTOR\/PAGO DE CUOTA DE REMUNERACI\u00d3N<\/strong><\/p>\n<p>El pasado 23 de abril, las Comisiones Unidas de Econom\u00eda y de Estudios Legislativos Segunda del Senado pretend\u00edan aprobar el Proyecto de Decreto por el que se reforman y adicionan diversas disposiciones a la Ley Federal del Derecho de Autor.<\/p>\n<p>El proyecto preve\u00eda que, los titulares de los derechos patrimoniales de autor y de los derechos conexos tendr\u00edan derecho irrenunciable a exigir una remuneraci\u00f3n compensatoria por cualquier copia o reproducci\u00f3n de obras literarias o art\u00edsticas en todas sus manifestaciones. El pago de la remuneraci\u00f3n compensatoria por reproducci\u00f3n ser\u00eda cubierto, de manera indistinta y solidaria, por los fabricantes o importadores de aparatos, dispositivos, soportes tecnol\u00f3gicos o cualquier otro que permita la copia o reproducci\u00f3n sonora, visual o audiovisual de obras conocidas o por conocerse, y ser\u00eda efectiva a trav\u00e9s de la sociedad de gesti\u00f3n colectiva correspondiente.<\/p>\n<p>Se sostuvieron reuniones con los Secretarios T\u00e9cnicos de las Comisiones Econom\u00eda y de Estudios Legislativos Segunda, con asesores de los Senadores Rafael Espino, Miguel Angel Mancera, Mario Zamora, Dami\u00e1n Zepeda y Jorge Carlos Ram\u00edrez Mar\u00edn.<\/p>\n<p>Adicionalmente, ANTAD envi\u00f3 comunicado a todos los integrantes de ambas Comisiones con diversos comentarios al Dictamen que se pretend\u00eda someter a aprobaci\u00f3n.<\/p>\n<p>El asunto no fue discutido dado que no hubo quorum, MORENA decidi\u00f3 no acudir a la convocatoria por no estar de acuerdo con el Dictamen.<\/p>\n<p><strong>INICIATIVAS DE REFORMAS CONSTITUCIONALES PRESENTADAS POR EL EJECUTIVO FEDERAL.<\/strong><\/p>\n<p>El 5 de febrero, el Titular del Poder Ejecutivo, Andr\u00e9s Manuel L\u00f3pez Obrador present\u00f3 diversas Iniciativas de reformas constitucionales, las cuales se enlistan a continuaci\u00f3n:<\/p>\n<ul>\n<li>En materia de apoyo a j\u00f3venes, pensi\u00f3n de retiro, salarios y vivienda para trabajadores. El Estado otorgar\u00e1 un apoyo econ\u00f3mico mensual equivalente al menos a un salario m\u00ednimo general vigente a j\u00f3venes entre 18 y 29 a\u00f1os que se encuentren en desocupaci\u00f3n laboral y no est\u00e9n cursando alg\u00fan nivel de educaci\u00f3n formal.<\/li>\n<li>En materia de agua, alimentaci\u00f3n, protecci\u00f3n al medio ambiente; atenci\u00f3n m\u00e9dica, bienestar, protecci\u00f3n a la salud, as\u00ed como de protecci\u00f3n y cuidado animal. El ma\u00edz estar\u00e1 libre de cultivos gen\u00e9ticamente modificados; el Estado debe garantizar la protecci\u00f3n y cuidado de los animales; no se otorgar\u00e1n concesiones a particulares en zonas con baja disponibilidad de agua y solo se autorizar\u00e1n asignaciones destinadas a centros de poblaci\u00f3n para garantizar el consumo personal y uso dom\u00e9stico; la ley sancionar\u00e1 toda actividad relacionada con cigarrillos electr\u00f3nicos, vapeadores y dem\u00e1s sistemas o dispositivos electr\u00f3nicos an\u00e1logos; el Estado garantizar\u00e1 la entrega de una pensi\u00f3n no contributiva a las personas con discapacidad permanente menores de sesenta y cinco a\u00f1os; y el Estado mantendr\u00e1 precios de garant\u00eda para el ma\u00edz, frijol, leche, arroz y trigo, en los t\u00e9rminos de las disposiciones aplicables.<\/li>\n<li>En materia de v\u00edas y transporte ferroviario. El Ejecutivo Federal podr\u00e1 otorgar asignaciones a empresas p\u00fablicas o concesiones a particulares para utilizar las v\u00edas f\u00e9rreas para el servicio de transporte de pasajeros.<\/li>\n<li>En materia de austeridad y percepciones de servidores p\u00fablicos. Se ajusta la remuneraci\u00f3n de las personas integrantes del Poder Judicial de la Federaci\u00f3n; los entes p\u00fablicos ajustar\u00e1n sus estructuras org\u00e1nicas y ocupacionales de conformidad con los principios de racionalidad y austeridad republicana.<\/li>\n<li>En materia de pueblos y comunidades ind\u00edgenas, as\u00ed como afromexicanos. Se incluye la consulta ind\u00edgena sobre medidas administrativas o legislativas que puedan causar afectaciones o impactos significativos en su vida o entorno.<\/li>\n<li>En materia de prisi\u00f3n preventiva oficiosa. Considera la defraudaci\u00f3n fiscal, el contrabando y cualquier actividad relacionada con falsos comprobantes fiscales, dentro de las conductas que ameritan prisi\u00f3n preventiva oficiosa.<\/li>\n<li>En materia de \u00e1reas y empresas estrat\u00e9gicas. El Proyecto, entre otros aspectos, sustituye \u202fel concepto de empresa productiva del Estado por empresa p\u00fablica del Estado, en materia de radiodifusi\u00f3n y telecomunicaciones, ser\u00e1 el Instituto Federal de Telecomunicaciones quien otorgue las concesiones a los particulares.<\/li>\n<li>Asimismo, establece que por lo que respecta a la industria el\u00e9ctrica, en ning\u00fan caso los particulares tendr\u00e1n prevalencia sobre la empresa p\u00fablica del Estado, cuya esencia es cumplir con su responsabilidad social y garantizar la continuidad y accesibilidad del servicio el\u00e9ctrico.<\/li>\n<li>En materia de Guardia Nacional. La Guardia Nacional se adscribe a la SEDENA.<\/li>\n<li>En materia de Poder Judicial. Se propone la elecci\u00f3n por voto popular de Ministros, Magistrados y Jueces del sistema federal.<\/li>\n<li>En materia de Reforma Electoral. Se propone cambiar el Instituto Nacional Electoral (INE) por el Instituto Nacional de Elecciones y Consultas (INEC) como \u201cautoridad electoral independiente\u201d. Tambi\u00e9n propone educir 50% el financiamiento de los partidos pol\u00edticos y regular las aportaciones de particulares a partidos y usar el voto electr\u00f3nico para bajar el costo de la elecci\u00f3n y ampliar los tiempos de radio y televisi\u00f3n oficiales para los candidatos.<\/li>\n<li>En materia de Organismos Aut\u00f3nomos. Se propone eliminar el Instituto Federal de Telecomunicaciones, el Instituto Nacional de Transparencia (INAI), el Consejo Nacional de Evaluaci\u00f3n de la Pol\u00edtica de Desarrollo Social , las comisiones Federal de Competencia Econ\u00f3mica, Reguladora de Energ\u00eda, Nacional de Hidrocarburos y Nacional para la Mejora Continua de la Educaci\u00f3n y el Instituto Federal de Telecomunicaciones.<\/li>\n<\/ul>\n<p>Se dio seguimiento puntual a la discusi\u00f3n de los proyectos legislativos.<\/p>\n<p>El estatus de los proyectos es el siguiente:<\/p>\n<p><img loading=\"lazy\" decoding=\"async\" class=\"alignnone size-large wp-image-2960\" src=\"http:\/\/informe.antad.net\/2024\/wp-content\/uploads\/2025\/03\/Captura-de-pantalla-2025-03-23-a-las-17.35.41-1024x467.png\" alt=\"\" width=\"1024\" height=\"467\" srcset=\"https:\/\/informe.antad.net\/2024\/wp-content\/uploads\/2025\/03\/Captura-de-pantalla-2025-03-23-a-las-17.35.41-1024x467.png 1024w, https:\/\/informe.antad.net\/2024\/wp-content\/uploads\/2025\/03\/Captura-de-pantalla-2025-03-23-a-las-17.35.41-300x137.png 300w, https:\/\/informe.antad.net\/2024\/wp-content\/uploads\/2025\/03\/Captura-de-pantalla-2025-03-23-a-las-17.35.41-768x350.png 768w, https:\/\/informe.antad.net\/2024\/wp-content\/uploads\/2025\/03\/Captura-de-pantalla-2025-03-23-a-las-17.35.41-1536x700.png 1536w, https:\/\/informe.antad.net\/2024\/wp-content\/uploads\/2025\/03\/Captura-de-pantalla-2025-03-23-a-las-17.35.41.png 1962w\" sizes=\"auto, (max-width: 1024px) 100vw, 1024px\" \/>La \u00fanica Iniciativa desechada fue la relativa a la reforma electoral.<\/p>\n<p><strong>COMIT\u00c9 DE RESPONSABILIDAD SOCIAL Y SUSTENTABILIDAD<\/strong><\/p>\n<p>Se sostuvieron diversas reuniones con el Consejero Delegado para definir acciones a desarrollar por el Comit\u00e9, revisar agenda y para la elaboraci\u00f3n de un cuestionario en materia de sostenibilidad con la finalidad de conocer necesidades de capacitaci\u00f3n de los Asociados.<\/p>\n<p>Asimismo, se llevaron a cabo reuniones con representantes de Fundaci\u00f3n Ver Bien para Aprender Mejor para iniciar acciones para promocionar el redondeo 2025.<\/p>\n<p>Se llevaron diversas reuniones sobre normas de informaci\u00f3n de sostenibilidad a reportar en los estados financieros, entre ellas con representantes de los despachos de Crowe, McBride y Deloitte.<\/p>\n<p>Se realiz\u00f3 una visita al Banco de Alimentos ubicado en Iztapalapa y se particip\u00f3 en varias reuniones con dicha instituci\u00f3n.<\/p>\n<p><strong>COMIT\u00c9 DE LOG\u00cdSTICA<\/strong><\/p>\n<p>Se particip\u00f3 en dos reuniones con CONMEXICO para presentar el proyecto de desarrollo de un proveedor adicional de tarimas para el servicio de pallet pooling.<\/p>\n<p><strong>COMIT\u00c9 DE RECURSOS HUMANOS<\/strong><\/p>\n<p>Se hicieron presentaciones a los integrantes del Comit\u00e9 de Recursos Humanos sobre la agenda legislativa de la ANTAD en materia laboral.<\/p>\n<p><strong>COMIT\u00c9 DE RELACIONES CON GOBIERNO<\/strong><\/p>\n<p>Se realiz\u00f3 una presentaci\u00f3n para dar a conocer a los integrantes del Comit\u00e9 de Relaciones con Gobierno el resumen de las actividades legislativas del \u00faltimo periodo ordinario de sesiones de la LXV legislatura.<\/p>\n<p>Se concert\u00f3 una reuni\u00f3n con el Presidente de la Comisi\u00f3n Laboral del CCE y un abogado penalista con la finalidad de tener una reuni\u00f3n en la que se coment\u00f3 sobre el tema de responsabilidad penal de las empresas por el delito de explotaci\u00f3n Laboral.<\/p>\n<p><strong>CONSEJO COORDINADOR EMPRESARIAL<\/strong><\/p>\n<p>Se particip\u00f3 activamente en las reuniones de las Comisiones de trabajo del CCE, especialmente en las comisiones Laboral; de Enlace Legislativo; Fiscal; de Estado de Derecho; de Salud; de Seguridad, en el Consejo Directivo de CESPEDES y en el Consejo Nacional.<\/p>\n<p><strong>CONGRESO DE LA CDMX<\/strong><\/p>\n<p>Reforma a Ley de Residuos<\/p>\n<p>La Diputada Mar\u00eda Gabriela Salido Magos (PAN) present\u00f3 la Iniciativa por la que se reforman diversas disposiciones de la Ley de Residuos S\u00f3lidos del Distrito Federal, la cual obligaba a los establecimientos a instrumentar mecanismos de recuperaci\u00f3n de envases de pl\u00e1stico para la reutilizaci\u00f3n o su reinserci\u00f3n como materia prima secundaria en las cadenas productivas.<\/p>\n<p>Se sostuvo comunicaci\u00f3n con el Diputado Fernando Mercado para dar seguimiento al Proyecto de Dictamen, comparti\u00e9ndole diversa informaci\u00f3n sobre la imposibilidad de aplicar la propuesta legislativa y en coordinaci\u00f3n con CESPEDES, ECOCE, ANIPAC y CONMEXICO se logr\u00f3 que el 6 de febrero del a\u00f1o en curso se desechara en el Pleno del Congreso de la Ciudad de M\u00e9xico.<\/p>\n<p>Por otra parte, se llevaron a cabo reuniones con CESPEDES, MEXBEB, ANIPAC, ECOCE y CONMEXICO para definir estrategia a seguir para la atenci\u00f3n de las Iniciativas de reformas a la Ley de Residuos de la CDMX presentada por el Dip. Jes\u00fas Sesma (PVEM) que establece que en la Ciudad de M\u00e9xico solo se comercializar\u00e1n bebidas con botellas o contenedores de pl\u00e1stico fabricado con un porcentaje de pl\u00e1stico reciclado post consumo y que tengan una tapa o taparrosca dise\u00f1ada para permanecer unida a ella, fabricada de conformidad con las normas ambientales, criterios y lineamientos aplicables, as\u00ed como para reformar la Ley de Econom\u00eda Circular de la CDMX.<\/p>\n<p><strong>GOBIERNO DE LA CIUDAD DE MEXICO<\/strong><\/p>\n<p>Durante el a\u00f1o en curso se trabaj\u00f3 estrechamente con el Gobierno de la Ciudad de M\u00e9xico, algunas de las reuniones se enlistan a continuaci\u00f3n:<\/p>\n<ul>\n<li>Ponente en un foro organizado por el Consejo Consultivo Empresarial de la CDMX en el cual particip\u00f3 Lic. Clara Brugada, Jefa de Gobierno.<\/li>\n<li>Con el Mtro. Santiago Taboada, alcaldes y Comit\u00e9 Directivo estatal del PAN.<\/li>\n<li>Consejo Econ\u00f3mico, Social y Ambiental de la CDMX.<\/li>\n<li>Con el Dr. Mart\u00ed Batres, Jefe de Gobierno de la CDMX.<\/li>\n<li>Con el Lic. Fadlala Akabani, Secretario de Desarrollo Econ\u00f3mico de la CDMX.<\/li>\n<li>Con el Dr. Salvador Guerrero, Titular del Consejo Ciudadano para la Seguridad y Justicia.<\/li>\n<li>Con Mtro. Fernando Mercado, Alcalde de La Magdalena Contreras, CDMX.<\/li>\n<li>Con Manola Zalbalza, Secretaria de Desarrollo Econ\u00f3mico de la CDMX.<\/li>\n<li>Con Pablo V\u00e1zquez, Secretario de Seguridad Ciudadana del Gobierno de la CDMX.<\/li>\n<\/ul>\n<p><strong>G9 SECTOR EMPRESARIAL DE LA CDMX<\/strong><\/p>\n<p>ANTA sigue coordinando la secretaria t\u00e9cnica del G9 de la CMDX, entre las principales reuniones sostenidas y coordinadas se enlistan las siguientes:<\/p>\n<ul>\n<li>Con la Presidenta y los magistrados del Tribunal de Justicia Administrativa de la CDMX.<\/li>\n<li>Con la Lic. Clara Brugada, Candidata a Jefa de Gobierno de la CDMX; con Ernestina Godoy, con candidatos y candidatas a Alcaldes del CDMX de la Coalici\u00f3n Sigamos Haciendo Historia.<\/li>\n<li>Con el Mtro. Santiago Taboada, Candidato a Jefe de Gobierno de la CDMX de la Alianza Va por la CDMX.<\/li>\n<li>Con el Mtro. Salom\u00f3n Chertorivski, Candidato a Jefe de Gobierno de la CDMX por MC.<\/li>\n<li>Con Alessandra Rojo de la Vega, Candidata a la Alcald\u00eda de Cuauht\u00e9moc por la Alianza Va por M\u00e9xico.<\/li>\n<li>Con la Lic. Clara Brugada, Jefa de Gobierno Electa de la CDMX y su gabinete.<\/li>\n<li>Con el exSecretario de Desarrollo Econ\u00f3mico y la nueva Secretaria de Desarrollo Econ\u00f3mico para revisar agenda y temas de mayor inter\u00e9s para el sector privado en la Ciudad.<\/li>\n<li>Con los Diputados de MORENA, PVEM, PT y PRD del Congreso de la CDMX.<\/li>\n<\/ul>\n<p><strong>GOBIERNO DEL ESTADO DE M\u00c9XICO<\/strong><\/p>\n<p>Se particip\u00f3 en una reuni\u00f3n con la Gobernadora del Estado de M\u00e9xico y diversos asociados, en la cual se anunciaron las inversiones en el Estado.<\/p>\n","protected":false},"excerpt":{"rendered":"<p>En el ejercicio 2024, se llevaron a cabo las actividades que se enlistan a continuaci\u00f3n para atender y dar seguimiento a los temas legislativos propuestos y sometidos a discusi\u00f3n por el Congreso de la Uni\u00f3n, el Congreso de la Ciudad &hellip; <a href=\"https:\/\/informe.antad.net\/2024\/agenda-legislativa\/\"><\/a><\/p>\n","protected":false},"author":1,"featured_media":0,"parent":0,"menu_order":0,"comment_status":"closed","ping_status":"closed","template":"","meta":{"footnotes":""},"class_list":["post-965","page","type-page","status-publish","hentry"],"_links":{"self":[{"href":"https:\/\/informe.antad.net\/2024\/wp-json\/wp\/v2\/pages\/965","targetHints":{"allow":["GET"]}}],"collection":[{"href":"https:\/\/informe.antad.net\/2024\/wp-json\/wp\/v2\/pages"}],"about":[{"href":"https:\/\/informe.antad.net\/2024\/wp-json\/wp\/v2\/types\/page"}],"author":[{"embeddable":true,"href":"https:\/\/informe.antad.net\/2024\/wp-json\/wp\/v2\/users\/1"}],"replies":[{"embeddable":true,"href":"https:\/\/informe.antad.net\/2024\/wp-json\/wp\/v2\/comments?post=965"}],"version-history":[{"count":59,"href":"https:\/\/informe.antad.net\/2024\/wp-json\/wp\/v2\/pages\/965\/revisions"}],"predecessor-version":[{"id":2961,"href":"https:\/\/informe.antad.net\/2024\/wp-json\/wp\/v2\/pages\/965\/revisions\/2961"}],"wp:attachment":[{"href":"https:\/\/informe.antad.net\/2024\/wp-json\/wp\/v2\/media?parent=965"}],"curies":[{"name":"wp","href":"https:\/\/api.w.org\/{rel}","templated":true}]}}